{"id":16,"date":"2024-06-26T21:50:05","date_gmt":"2024-06-26T21:50:05","guid":{"rendered":"https:\/\/geomediation.fr\/?page_id=16"},"modified":"2025-10-24T23:26:22","modified_gmt":"2025-10-24T23:26:22","slug":"bio","status":"publish","type":"page","link":"https:\/\/geomediation.fr\/?page_id=16","title":{"rendered":"BIO"},"content":{"rendered":"\n<p><strong>Passionn\u00e9 par la vie<\/strong> sous toutes ses formes, <strong>Othman Kerrache<\/strong> s\u2019int\u00e9resse depuis plus de vingt ans \u00e0 la mani\u00e8re dont les \u00eatres humains peuvent mieux vivre ensemble, <strong>penser ensemble et agir ensemble.<\/strong><\/p>\n\n\n\n<p>Pratiquant<strong> le yoga<\/strong>, adepte de sport, d\u2019art, de nature et de rencontres, il s\u2019inspire de la diversit\u00e9 des exp\u00e9riences humaines pour comprendre comment se construit<strong> l\u2019\u00e9quilibre entre libert\u00e9 individuelle et responsabilit\u00e9 collective.<\/strong><\/p>\n\n\n\n<p>Apr\u00e8s un parcours personnel marqu\u00e9 par la recherche de sens et la volont\u00e9 de<strong> transformer la difficult\u00e9 en apprentissage<\/strong>, il s\u2019est tourn\u00e9 vers <strong>la politique<\/strong> au sens premier du terme : <strong>la gestion du territoire<\/strong> et du bien commun.<\/p>\n\n\n\n<p>Selon lui, une politique v\u00e9ritable ne se limite pas \u00e0 administrer : elle consiste \u00e0 <strong>organiser la coop\u00e9ration<\/strong>, \u00e0 pr\u00e9venir les d\u00e9s\u00e9quilibres et \u00e0 favoriser l\u2019harmonie entre les personnes et leur environnement.<\/p>\n\n\n\n<p>Fort d\u2019une double culture, allemande, par sa m\u00e8re, et alg\u00e9rienne par son p\u00e8re, il explore depuis l&#8217;an 2000, de mani\u00e8re <strong>m\u00e9thodique et conviviale<\/strong>, les liens entre <strong>psychologie, gouvernance et \u00e9cologie humaine<\/strong>, successivement, en tant qu&#8217;enfant, adolescent, \u00e9tudiant et salari\u00e9.<\/p>\n\n\n\n<p>Dans ce sens il a cr\u00e9\u00e9 le concept de <strong>g\u00e9om\u00e9diation en 2010 <\/strong>: une approche visant \u00e0 <strong>structurer l\u2019intelligence collective territoriale<\/strong> pour que chaque individu, chaque savoir et chaque initiative puisse trouver sa juste place dans une dynamique d\u2019ensemble.<\/p>\n\n\n\n<p>Convaincu que les solutions existent d\u00e9j\u00e0 dans la richesse des savoirs partag\u00e9s, Othman Kerrache \u0153uvre pour<strong> une m\u00e9thode de dialogue et d\u2019organisation<\/strong> qui permette \u00e0 nos soci\u00e9t\u00e9s de passer de la gestion des crises \u00e0 la gestion du vivant.<\/p>\n\n\n\n<p>Sa d\u00e9marche, \u00e0 la fois humaniste, pragmatique et ouverte, invite chacun \u00e0 contribuer, dans son environnement, \u00e0 la construction d\u2019<strong>un monde plus coh\u00e9rent, plus participatif et plus apais\u00e9.<\/strong><\/p>\n\n\n\n<p><strong>Le mot du fondateur :<\/strong><\/p>\n\n\n\n<p>&#8221; Je vais bient\u00f4t vous <strong>r\u00e9v\u00e9ler <\/strong>des informations croustillantes ! Vous comprendrez mieux <strong>comment je suis devenu g\u00e9ographe<\/strong>&#8230; vous pourrez suivre <strong>le quotidien de ce m\u00e9tier, entre journalisme et sensibilisation des acteurs de nos territoires.<\/strong> Vous pourrez \u00e9galement en savoir plus sur<strong> l&#8217;histoire de la g\u00e9ographie<\/strong>, et peut \u00eatre m\u00eame sur la g\u00e9ographie de l&#8217;histoire&#8230; &#8220;<\/p>\n\n\n\n<p><\/p>\n","protected":false},"excerpt":{"rendered":"<p>Passionn\u00e9 par la vie sous toutes ses formes, Othman Kerrache s\u2019int\u00e9resse depuis plus de vingt ans \u00e0 la mani\u00e8re dont les \u00eatres humains peuvent mieux vivre ensemble, penser ensemble et agir ensemble. Pratiquant le yoga, adepte de sport, d\u2019art, de nature et de rencontres, il s\u2019inspire de la diversit\u00e9 des exp\u00e9riences humaines pour comprendre comment &hellip; <\/p>\n<p class=\"link-more\"><a href=\"https:\/\/geomediation.fr\/?page_id=16\" class=\"more-link\">Continue reading<span class=\"screen-reader-text\"> &#8220;BIO&#8221;<\/span><\/a><\/p>\n","protected":false},"author":1,"featured_media":0,"parent":0,"menu_order":0,"comment_status":"closed","ping_status":"closed","template":"","meta":{"footnotes":""},"class_list":["post-16","page","type-page","status-publish","hentry"],"_links":{"self":[{"href":"https:\/\/geomediation.fr\/index.php?rest_route=\/wp\/v2\/pages\/16","targetHints":{"allow":["GET"]}}],"collection":[{"href":"https:\/\/geomediation.fr\/index.php?rest_route=\/wp\/v2\/pages"}],"about":[{"href":"https:\/\/geomediation.fr\/index.php?rest_route=\/wp\/v2\/types\/page"}],"author":[{"embeddable":true,"href":"https:\/\/geomediation.fr\/index.php?rest_route=\/wp\/v2\/users\/1"}],"replies":[{"embeddable":true,"href":"https:\/\/geomediation.fr\/index.php?rest_route=%2Fwp%2Fv2%2Fcomments&post=16"}],"version-history":[{"count":5,"href":"https:\/\/geomediation.fr\/index.php?rest_route=\/wp\/v2\/pages\/16\/revisions"}],"predecessor-version":[{"id":94,"href":"https:\/\/geomediation.fr\/index.php?rest_route=\/wp\/v2\/pages\/16\/revisions\/94"}],"wp:attachment":[{"href":"https:\/\/geomediation.fr\/index.php?rest_route=%2Fwp%2Fv2%2Fmedia&parent=16"}],"curies":[{"name":"wp","href":"https:\/\/api.w.org\/{rel}","templated":true}]}}